{"id":6,"date":"2026-04-25T07:28:30","date_gmt":"2026-04-25T07:28:30","guid":{"rendered":"https:\/\/nina.pbpiazza.com\/?page_id=6"},"modified":"2026-04-25T07:46:47","modified_gmt":"2026-04-25T07:46:47","slug":"startseite","status":"publish","type":"page","link":"https:\/\/nina.pbpiazza.com\/","title":{"rendered":"Startseite"},"content":{"rendered":"\n<div class=\"wp-block-cover alignfull\" style=\"padding-top:0;padding-right:2rem;padding-bottom:0;padding-left:2rem;min-height:70vh;aspect-ratio:unset;\"><img loading=\"lazy\" decoding=\"async\" width=\"1024\" height=\"768\" class=\"wp-block-cover__image-background wp-image-13 size-large\" alt=\"\" src=\"https:\/\/nina.pbpiazza.com\/wp-content\/uploads\/2026\/04\/2026-04-10-18.00.43-1024x768.jpg\" data-object-fit=\"cover\" srcset=\"https:\/\/nina.pbpiazza.com\/wp-content\/uploads\/2026\/04\/2026-04-10-18.00.43-1024x768.jpg 1024w, https:\/\/nina.pbpiazza.com\/wp-content\/uploads\/2026\/04\/2026-04-10-18.00.43-300x225.jpg 300w, https:\/\/nina.pbpiazza.com\/wp-content\/uploads\/2026\/04\/2026-04-10-18.00.43-768x576.jpg 768w, https:\/\/nina.pbpiazza.com\/wp-content\/uploads\/2026\/04\/2026-04-10-18.00.43-1536x1152.jpg 1536w, https:\/\/nina.pbpiazza.com\/wp-content\/uploads\/2026\/04\/2026-04-10-18.00.43-2048x1536.jpg 2048w\" sizes=\"auto, (max-width: 1024px) 100vw, 1024px\" \/><span aria-hidden=\"true\" class=\"wp-block-cover__background has-black-background-color has-background-dim-60 has-background-dim\"><\/span><div class=\"wp-block-cover__inner-container is-layout-flow wp-block-cover-is-layout-flow\">\n<h1 class=\"wp-block-heading has-text-align-center has-text-color\" style=\"color:#ffffff;font-size:clamp(2.5rem, 6vw, 4.5rem);font-weight:400;letter-spacing:2px\">Willkommen bei Nina.<\/h1>\n\n\n\n<p class=\"has-text-align-center has-text-color\" style=\"color:#f5f5f5;margin-top:0.5rem;font-size:clamp(0.875rem, 0.875rem + ((1vw - 0.2rem) * 0.588), 1.25rem);\">Dein Coiffeur in Opfikon \u2013 f\u00fcr Frauen und M\u00e4nner<\/p>\n\n\n\n<div class=\"wp-block-buttons is-content-justification-center is-layout-flex wp-container-core-buttons-is-layout-7c378c05 wp-block-buttons-is-layout-flex\" style=\"margin-top:2rem\">\n<div class=\"wp-block-button\"><a class=\"wp-block-button__link has-black-color has-white-background-color has-text-color has-background has-custom-font-size wp-element-button\" href=\"https:\/\/www.treatwell.ch\/ort\/daycrunch-coiffure-by-nina\/\" style=\"border-radius:0px;padding-top:1rem;padding-right:2.5rem;padding-bottom:1rem;padding-left:2.5rem;font-size:0.85rem;letter-spacing:2px;text-transform:uppercase\">Termin buchen<\/a><\/div>\n<\/div>\n<\/div><\/div>\n\n\n\n<div class=\"wp-block-group alignfull has-global-padding is-layout-constrained wp-container-core-group-is-layout-e97d01c6 wp-block-group-is-layout-constrained\" style=\"padding-top:5rem;padding-right:2rem;padding-bottom:5rem;padding-left:2rem\">\n<h2 class=\"wp-block-heading has-text-align-center has-text-color\" style=\"color:#1f3a44;font-size:0.85rem;font-weight:500;letter-spacing:3px;text-transform:uppercase\">\u00d6ffnungszeiten<\/h2>\n\n\n\n<h3 class=\"wp-block-heading has-text-align-center\" style=\"margin-top:0.5rem;margin-bottom:3rem;font-size:clamp(1.453rem, 1.453rem + ((1vw - 0.2rem) * 1.485), 2.4rem);font-style:italic;font-weight:400\">Wir freuen uns auf dich<\/h3>\n\n\n\n<div class=\"wp-block-columns is-layout-flex wp-container-core-columns-is-layout-6b276c36 wp-block-columns-is-layout-flex\">\n<div class=\"wp-block-column is-layout-flow wp-block-column-is-layout-flow\">\n<p class=\"has-text-align-center\" style=\"font-size:clamp(0.875rem, 0.875rem + ((1vw - 0.2rem) * 0.275), 1.05rem);font-weight:600;letter-spacing:1px;text-transform:uppercase\">Montag<\/p>\n\n\n\n<p class=\"has-text-align-center\">9:00 \u2013 18:00<\/p>\n<\/div>\n\n\n\n<div class=\"wp-block-column is-layout-flow wp-block-column-is-layout-flow\">\n<p class=\"has-text-align-center\" style=\"font-size:clamp(0.875rem, 0.875rem + ((1vw - 0.2rem) * 0.275), 1.05rem);font-weight:600;letter-spacing:1px;text-transform:uppercase\">Donnerstag<\/p>\n\n\n\n<p class=\"has-text-align-center\">9:00 \u2013 19:30<\/p>\n<\/div>\n\n\n\n<div class=\"wp-block-column is-layout-flow wp-block-column-is-layout-flow\">\n<p class=\"has-text-align-center\" style=\"font-size:clamp(0.875rem, 0.875rem + ((1vw - 0.2rem) * 0.275), 1.05rem);font-weight:600;letter-spacing:1px;text-transform:uppercase\">Samstag<\/p>\n\n\n\n<p class=\"has-text-align-center\">9:00 \u2013 14:00<\/p>\n<\/div>\n<\/div>\n\n\n\n<p class=\"has-text-align-center has-text-color\" style=\"color:#5a6a70;margin-top:2rem;font-size:clamp(0.875rem, 0.875rem + ((1vw - 0.2rem) * 0.039), 0.9rem);font-style:italic\">Dienstag, Mittwoch, Freitag und Sonntag geschlossen<\/p>\n<\/div>\n\n\n\n<div class=\"wp-block-group alignfull has-global-padding is-layout-constrained wp-container-core-group-is-layout-e97d01c6 wp-block-group-is-layout-constrained\" id=\"about-\" style=\"padding-top:5rem;padding-right:2rem;padding-bottom:5rem;padding-left:2rem\">\n<div class=\"wp-block-columns are-vertically-aligned-center is-layout-flex wp-container-core-columns-is-layout-1b715042 wp-block-columns-is-layout-flex\">\n<div class=\"wp-block-column is-vertically-aligned-center is-layout-flow wp-block-column-is-layout-flow\" style=\"flex-basis:45%\">\n<figure class=\"wp-block-image size-large has-custom-border\"><img decoding=\"async\" src=\"https:\/\/images.unsplash.com\/photo-1580618672591-eb180b1a973f?w=800\" alt=\"Nina Frei\" style=\"border-radius:4px\"\/><\/figure>\n<\/div>\n\n\n\n<div class=\"wp-block-column is-vertically-aligned-center is-layout-flow wp-block-column-is-layout-flow\" style=\"flex-basis:55%\">\n<h2 class=\"wp-block-heading has-text-color\" style=\"color:#1f3a44;font-size:0.85rem;font-weight:500;letter-spacing:3px;text-transform:uppercase\">\u00dcber mich<\/h2>\n\n\n\n<h3 class=\"wp-block-heading\" style=\"margin-top:0.5rem;margin-bottom:1.5rem;font-size:clamp(1.551rem, 1.551rem + ((1vw - 0.2rem) * 1.645), 2.6rem);font-style:italic;font-weight:400\">Ich bin Nina Frei.<\/h3>\n\n\n\n<p style=\"font-size:clamp(0.875rem, 0.875rem + ((1vw - 0.2rem) * 0.275), 1.05rem);line-height:1.7\">In meinem <strong>Nina Hair Studio<\/strong> in Opfikon z\u00e4hlt jedes Detail. Ich kreiere Looks, die deine nat\u00fcrliche Sch\u00f6nheit und Individualit\u00e4t unterstreichen.<\/p>\n\n\n\n<p style=\"font-size:clamp(0.875rem, 0.875rem + ((1vw - 0.2rem) * 0.275), 1.05rem);line-height:1.7\">Gearbeitet wird ausschliesslich mit professioneller Haarpflege von <strong>Paul Mitchell<\/strong>, individuell auf dein Haar abgestimmt \u2013 damit es gesund, gl\u00e4nzend und gepflegt bleibt.<\/p>\n\n\n\n<p style=\"font-size:clamp(0.875rem, 0.875rem + ((1vw - 0.2rem) * 0.275), 1.05rem);line-height:1.7\">Ich nehme mir Zeit f\u00fcr pers\u00f6nliche Beratung und setze aktuelle Haartrends mit handwerklichem K\u00f6nnen um. Freundlichkeit und fachlicher Anspruch stehen im Fokus \u2013 damit du dich rundum wohlf\u00fchlst.<\/p>\n<\/div>\n<\/div>\n<\/div>\n\n\n\n<div class=\"wp-block-group alignfull has-text-color has-background has-global-padding is-layout-constrained wp-container-core-group-is-layout-1cdd7ca0 wp-block-group-is-layout-constrained\" id=\"services\" style=\"color:#f5f5f5;background-color:#1f3a44;padding-top:6rem;padding-right:2rem;padding-bottom:6rem;padding-left:2rem\">\n<h2 class=\"wp-block-heading has-text-align-center has-text-color\" style=\"color:#A8D5E2;font-size:0.85rem;font-weight:500;letter-spacing:3px;text-transform:uppercase\">Services<\/h2>\n\n\n\n<h3 class=\"wp-block-heading has-text-align-center\" style=\"margin-top:0.5rem;margin-bottom:1rem;font-size:clamp(1.551rem, 1.551rem + ((1vw - 0.2rem) * 1.645), 2.6rem);font-style:italic;font-weight:400\">Meine Leistungen<\/h3>\n\n\n\n<p class=\"has-text-align-center has-text-color\" style=\"color:#A8D5E2;margin-bottom:3.5rem;font-size:clamp(0.875rem, 0.875rem + ((1vw - 0.2rem) * 0.196), 1rem);\">Spezialgebiet: Haarschnitte und Colorationen \u00b7 Produkte: Paul Mitchell<\/p>\n\n\n\n<div class=\"wp-block-columns is-layout-flex wp-container-core-columns-is-layout-b23a18ed wp-block-columns-is-layout-flex\">\n<div class=\"wp-block-column is-layout-flow wp-block-column-is-layout-flow\">\n<h4 class=\"wp-block-heading has-text-align-center\" style=\"margin-bottom:1.5rem;font-size:clamp(0.875rem, 0.875rem + ((1vw - 0.2rem) * 0.667), 1.3rem);font-weight:500;letter-spacing:3px;text-transform:uppercase\">Damen<\/h4>\n\n\n\n<table style=\"width:100%;border-collapse:collapse;font-size:1rem\">\n<tr><td style=\"padding:0.6rem 0;border-bottom:1px solid rgba(255,255,255,0.12)\">Waschen &amp; Schneiden<\/td><td style=\"padding:0.6rem 0;border-bottom:1px solid rgba(255,255,255,0.12);text-align:right\">ab 60 CHF<\/td><\/tr>\n<tr><td style=\"padding:0.6rem 0;border-bottom:1px solid rgba(255,255,255,0.12)\">Waschen, Schneiden &amp; F\u00f6hnen<\/td><td style=\"padding:0.6rem 0;border-bottom:1px solid rgba(255,255,255,0.12);text-align:right\">ab 75 CHF<\/td><\/tr>\n<tr><td style=\"padding:0.6rem 0;border-bottom:1px solid rgba(255,255,255,0.12)\">Coloration<\/td><td style=\"padding:0.6rem 0;border-bottom:1px solid rgba(255,255,255,0.12);text-align:right\">ab 150 CHF<\/td><\/tr>\n<tr><td style=\"padding:0.6rem 0;border-bottom:1px solid rgba(255,255,255,0.12)\">Balayage<\/td><td style=\"padding:0.6rem 0;border-bottom:1px solid rgba(255,255,255,0.12);text-align:right\">ab 210 CHF<\/td><\/tr>\n<tr><td style=\"padding:0.6rem 0\">Pflege Ritual<\/td><td style=\"padding:0.6rem 0;text-align:right\">ab 30 CHF<\/td><\/tr>\n<\/table>\n<\/div>\n\n\n\n<div class=\"wp-block-column is-layout-flow wp-block-column-is-layout-flow\">\n<h4 class=\"wp-block-heading has-text-align-center\" style=\"margin-bottom:1.5rem;font-size:clamp(0.875rem, 0.875rem + ((1vw - 0.2rem) * 0.667), 1.3rem);font-weight:500;letter-spacing:3px;text-transform:uppercase\">Herren<\/h4>\n\n\n\n<table style=\"width:100%;border-collapse:collapse;font-size:1rem\">\n<tr><td style=\"padding:0.6rem 0;border-bottom:1px solid rgba(255,255,255,0.12)\">Kurzhaarschnitt<\/td><td style=\"padding:0.6rem 0;border-bottom:1px solid rgba(255,255,255,0.12);text-align:right\">ab 45 CHF<\/td><\/tr>\n<tr><td style=\"padding:0.6rem 0\">Maschinenschnitt<\/td><td style=\"padding:0.6rem 0;text-align:right\">ab 35 CHF<\/td><\/tr>\n<\/table>\n<\/div>\n<\/div>\n\n\n\n<div class=\"wp-block-buttons is-content-justification-center is-layout-flex wp-container-core-buttons-is-layout-de3b580a wp-block-buttons-is-layout-flex\" style=\"margin-top:3rem\">\n<div class=\"wp-block-button is-style-outline is-style-outline--1\"><a class=\"wp-block-button__link has-text-color has-background has-link-color has-custom-font-size wp-element-button\" href=\"https:\/\/www.treatwell.ch\/ort\/daycrunch-coiffure-by-nina\/\" style=\"border-width:1px;border-radius:0px;color:#ffffff;background-color:transparent;padding-top:1rem;padding-right:2.5rem;padding-bottom:1rem;padding-left:2.5rem;font-size:0.85rem;letter-spacing:2px;text-transform:uppercase\">Jetzt Termin buchen<\/a><\/div>\n<\/div>\n<\/div>\n\n\n\n<div class=\"wp-block-group alignfull has-global-padding is-layout-constrained wp-container-core-group-is-layout-e97d01c6 wp-block-group-is-layout-constrained\" id=\"highlights-\" style=\"padding-top:5rem;padding-right:2rem;padding-bottom:5rem;padding-left:2rem\">\n<h2 class=\"wp-block-heading has-text-align-center has-text-color\" style=\"color:#1f3a44;font-size:0.85rem;font-weight:500;letter-spacing:3px;text-transform:uppercase\">Highlights<\/h2>\n\n\n\n<h3 class=\"wp-block-heading has-text-align-center\" style=\"margin-top:0.5rem;margin-bottom:3rem;font-size:clamp(1.453rem, 1.453rem + ((1vw - 0.2rem) * 1.485), 2.4rem);font-style:italic;font-weight:400\">Was uns besonders macht<\/h3>\n\n\n\n<div class=\"wp-block-columns is-layout-flex wp-container-core-columns-is-layout-e0bfaba5 wp-block-columns-is-layout-flex\">\n<div class=\"wp-block-column is-layout-flow wp-block-column-is-layout-flow\">\n<h4 class=\"wp-block-heading has-text-align-center\" style=\"font-size:clamp(0.875rem, 0.875rem + ((1vw - 0.2rem) * 0.196), 1rem);font-weight:600;letter-spacing:2px;text-transform:uppercase\">Atmosph\u00e4re<\/h4>\n\n\n\n<p class=\"has-text-align-center\">Einladend, herzlich und angenehm \u2013 damit du dich vom ersten Moment an wohlf\u00fchlst.<\/p>\n<\/div>\n\n\n\n<div class=\"wp-block-column is-layout-flow wp-block-column-is-layout-flow\">\n<h4 class=\"wp-block-heading has-text-align-center\" style=\"font-size:clamp(0.875rem, 0.875rem + ((1vw - 0.2rem) * 0.196), 1rem);font-weight:600;letter-spacing:2px;text-transform:uppercase\">Expertise<\/h4>\n\n\n\n<p class=\"has-text-align-center\">Spezialisiert auf Haarschnitte und Colorationen mit hochwertigen Paul Mitchell Produkten.<\/p>\n<\/div>\n\n\n\n<div class=\"wp-block-column is-layout-flow wp-block-column-is-layout-flow\">\n<h4 class=\"wp-block-heading has-text-align-center\" style=\"font-size:clamp(0.875rem, 0.875rem + ((1vw - 0.2rem) * 0.196), 1rem);font-weight:600;letter-spacing:2px;text-transform:uppercase\">Extras<\/h4>\n\n\n\n<p class=\"has-text-align-center\">Kostenlose Getr\u00e4nke, gratis WLAN, Haustiere willkommen und kinderfreundlich.<\/p>\n<\/div>\n<\/div>\n<\/div>\n\n\n\n<div class=\"wp-block-group alignfull has-global-padding is-layout-constrained wp-container-core-group-is-layout-e97d01c6 wp-block-group-is-layout-constrained\" id=\"galerie-\" style=\"padding-top:5rem;padding-right:2rem;padding-bottom:5rem;padding-left:2rem\">\n<h2 class=\"wp-block-heading has-text-align-center has-text-color\" style=\"color:#1f3a44;font-size:0.85rem;font-weight:500;letter-spacing:3px;text-transform:uppercase\">Galerie<\/h2>\n\n\n\n<h3 class=\"wp-block-heading has-text-align-center\" style=\"margin-top:0.5rem;margin-bottom:3rem;font-size:clamp(1.453rem, 1.453rem + ((1vw - 0.2rem) * 1.485), 2.4rem);font-style:italic;font-weight:400\">Meine Arbeit<\/h3>\n\n\n\n<figure class=\"wp-block-gallery has-nested-images columns-4 is-cropped nina-gallery wp-block-gallery-2 is-layout-flex wp-block-gallery-is-layout-flex\">\n<figure class=\"wp-block-image size-large\"><img decoding=\"async\" src=\"https:\/\/images.unsplash.com\/photo-1522337360788-8b13dee7a37e?w=600\" alt=\"\"\/><\/figure>\n\n\n\n<figure class=\"wp-block-image size-large\"><img decoding=\"async\" src=\"https:\/\/images.unsplash.com\/photo-1605497788044-5a32c7078486?w=600\" alt=\"\"\/><\/figure>\n\n\n\n<figure class=\"wp-block-image size-large\"><img decoding=\"async\" src=\"https:\/\/images.unsplash.com\/photo-1559599101-f09722fb4948?w=600\" alt=\"\"\/><\/figure>\n\n\n\n<figure class=\"wp-block-image size-large\"><img decoding=\"async\" src=\"https:\/\/images.unsplash.com\/photo-1595476108010-b4d1f102b1b1?w=600\" alt=\"\"\/><\/figure>\n<\/figure>\n<\/div>\n\n\n\n<div class=\"wp-block-group alignfull has-global-padding is-layout-constrained wp-container-core-group-is-layout-fae784c5 wp-block-group-is-layout-constrained\" id=\"kontakt\" style=\"padding-top:5rem;padding-right:2rem;padding-bottom:6rem;padding-left:2rem\">\n<h2 class=\"wp-block-heading has-text-align-center has-text-color\" style=\"color:#1f3a44;font-size:0.85rem;font-weight:500;letter-spacing:3px;text-transform:uppercase\">Kontakt<\/h2>\n\n\n\n<h3 class=\"wp-block-heading has-text-align-center\" style=\"margin-top:0.5rem;margin-bottom:1rem;font-size:clamp(1.453rem, 1.453rem + ((1vw - 0.2rem) * 1.485), 2.4rem);font-style:italic;font-weight:400\">Besuche mich<\/h3>\n\n\n\n<p class=\"has-text-align-center has-text-color\" style=\"color:#5a6a70;margin-bottom:3rem;font-size:clamp(0.875rem, 0.875rem + ((1vw - 0.2rem) * 0.118), 0.95rem);font-style:italic\">Nur 3 Gehminuten von der Station B\u00e4uler entfernt.<\/p>\n\n\n\n<div class=\"wp-block-columns is-layout-flex wp-container-core-columns-is-layout-6b276c36 wp-block-columns-is-layout-flex\">\n<div class=\"wp-block-column is-layout-flow wp-block-column-is-layout-flow\">\n<h4 class=\"wp-block-heading\" style=\"font-size:0.85rem;font-weight:600;letter-spacing:2px;text-transform:uppercase\">Adresse<\/h4>\n\n\n\n<p>[TODO Strasse + Nr.]<br>8152 Opfikon<\/p>\n<\/div>\n\n\n\n<div class=\"wp-block-column is-layout-flow wp-block-column-is-layout-flow\">\n<h4 class=\"wp-block-heading\" style=\"font-size:0.85rem;font-weight:600;letter-spacing:2px;text-transform:uppercase\">Telefon<\/h4>\n\n\n\n<p><a href=\"tel:+41000000000\">[TODO Telefonnummer]<\/a><\/p>\n<\/div>\n\n\n\n<div class=\"wp-block-column is-layout-flow wp-block-column-is-layout-flow\">\n<h4 class=\"wp-block-heading\" style=\"font-size:0.85rem;font-weight:600;letter-spacing:2px;text-transform:uppercase\">E\u2011Mail<\/h4>\n\n\n\n<p><a href=\"mailto:nina@example.ch\">[TODO E\u2011Mail]<\/a><\/p>\n<\/div>\n\n\n\n<div class=\"wp-block-column is-layout-flow wp-block-column-is-layout-flow\">\n<h4 class=\"wp-block-heading\" style=\"font-size:0.85rem;font-weight:600;letter-spacing:2px;text-transform:uppercase\">Treatwell<\/h4>\n\n\n\n<p><a href=\"https:\/\/www.treatwell.ch\/ort\/daycrunch-coiffure-by-nina\/\">Termin buchen<\/a><\/p>\n<\/div>\n<\/div>\n<\/div>\n","protected":false},"excerpt":{"rendered":"<p>\u00d6ffnungszeiten Wir freuen uns auf dich Montag 9:00 \u2013 18:00 Donnerstag 9:00 \u2013 19:30 Samstag 9:00 \u2013 14:00 Dienstag, Mittwoch, Freitag und Sonntag geschlossen \u00dcber mich Ich bin Nina Frei. In meinem Nina Hair Studio in Opfikon z\u00e4hlt jedes Detail. Ich kreiere Looks, die deine nat\u00fcrliche Sch\u00f6nheit und Individualit\u00e4t unterstreichen. Gearbeitet wird ausschliesslich mit professioneller [&hellip;]<\/p>\n","protected":false},"author":1,"featured_media":0,"parent":0,"menu_order":0,"comment_status":"closed","ping_status":"closed","template":"page-no-title","meta":{"footnotes":""},"class_list":["post-6","page","type-page","status-publish","hentry"],"_links":{"self":[{"href":"https:\/\/nina.pbpiazza.com\/index.php?rest_route=\/wp\/v2\/pages\/6","targetHints":{"allow":["GET"]}}],"collection":[{"href":"https:\/\/nina.pbpiazza.com\/index.php?rest_route=\/wp\/v2\/pages"}],"about":[{"href":"https:\/\/nina.pbpiazza.com\/index.php?rest_route=\/wp\/v2\/types\/page"}],"author":[{"embeddable":true,"href":"https:\/\/nina.pbpiazza.com\/index.php?rest_route=\/wp\/v2\/users\/1"}],"replies":[{"embeddable":true,"href":"https:\/\/nina.pbpiazza.com\/index.php?rest_route=%2Fwp%2Fv2%2Fcomments&post=6"}],"version-history":[{"count":8,"href":"https:\/\/nina.pbpiazza.com\/index.php?rest_route=\/wp\/v2\/pages\/6\/revisions"}],"predecessor-version":[{"id":21,"href":"https:\/\/nina.pbpiazza.com\/index.php?rest_route=\/wp\/v2\/pages\/6\/revisions\/21"}],"wp:attachment":[{"href":"https:\/\/nina.pbpiazza.com\/index.php?rest_route=%2Fwp%2Fv2%2Fmedia&parent=6"}],"curies":[{"name":"wp","href":"https:\/\/api.w.org\/{rel}","templated":true}]}}